{"id":125,"date":"2023-07-03T17:07:17","date_gmt":"2023-07-03T20:07:17","guid":{"rendered":"https:\/\/ecoinovar.com\/13\/?page_id=125"},"modified":"2024-09-11T12:25:34","modified_gmt":"2024-09-11T15:25:34","slug":"areas-tematicas","status":"publish","type":"page","link":"https:\/\/ecoinovar.com\/13\/areas-tematicas\/","title":{"rendered":"\u00c1reas Tem\u00e1ticas"},"content":{"rendered":"\t\t<div data-elementor-type=\"wp-page\" data-elementor-id=\"125\" class=\"elementor elementor-125\" data-elementor-post-type=\"page\">\n\t\t\t\t\t\t<section class=\"elementor-section elementor-top-section elementor-element elementor-element-0ca7861 elementor-section-boxed elementor-section-height-default elementor-section-height-default\" data-id=\"0ca7861\" data-element_type=\"section\">\n\t\t\t\t\t\t<div class=\"elementor-container elementor-column-gap-default\">\n\t\t\t\t\t<div class=\"elementor-column elementor-col-100 elementor-top-column elementor-element elementor-element-24a71d8\" data-id=\"24a71d8\" data-element_type=\"column\">\n\t\t\t<div class=\"elementor-widget-wrap elementor-element-populated\">\n\t\t\t\t\t\t<div class=\"elementor-element elementor-element-98c7392 elementor-widget elementor-widget-heading\" data-id=\"98c7392\" data-element_type=\"widget\" data-widget_type=\"heading.default\">\n\t\t\t\t<div class=\"elementor-widget-container\">\n\t\t\t\t\t<h4 class=\"elementor-heading-title elementor-size-default\">EIXOS TEM\u00c1TICOS E TRACKS DO F\u00d3RUM INTERNACIONAL ECOINOVAR<\/h4>\t\t\t\t<\/div>\n\t\t\t\t<\/div>\n\t\t\t\t\t<\/div>\n\t\t<\/div>\n\t\t\t\t\t<\/div>\n\t\t<\/section>\n\t\t\t\t<section class=\"elementor-section elementor-top-section elementor-element elementor-element-b964699 elementor-section-boxed elementor-section-height-default elementor-section-height-default\" data-id=\"b964699\" data-element_type=\"section\">\n\t\t\t\t\t\t<div class=\"elementor-container elementor-column-gap-default\">\n\t\t\t\t\t<div class=\"elementor-column elementor-col-100 elementor-top-column elementor-element elementor-element-b2ef13f\" data-id=\"b2ef13f\" data-element_type=\"column\">\n\t\t\t<div class=\"elementor-widget-wrap elementor-element-populated\">\n\t\t\t\t\t\t<div class=\"elementor-element elementor-element-1c65d42 elementor-widget elementor-widget-text-editor\" data-id=\"1c65d42\" data-element_type=\"widget\" data-widget_type=\"text-editor.default\">\n\t\t\t\t<div class=\"elementor-widget-container\">\n\t\t\t\t\t\t\t\t\t<h5>Sustentabilidade<\/h5><p>Prof. Dr. Roberto Schoproni Bichueti \u2013 PPGA\/UFSM <br \/>Prof. Dr. Lucas Veiga \u00c1vila &#8211; UFSM<\/p>\t\t\t\t\t\t\t\t<\/div>\n\t\t\t\t<\/div>\n\t\t\t\t<div class=\"elementor-element elementor-element-2e94150 elementor-widget elementor-widget-heading\" data-id=\"2e94150\" data-element_type=\"widget\" data-widget_type=\"heading.default\">\n\t\t\t\t<div class=\"elementor-widget-container\">\n\t\t\t\t\t<h6 class=\"elementor-heading-title elementor-size-default\">Tracks<\/h6>\t\t\t\t<\/div>\n\t\t\t\t<\/div>\n\t\t\t\t<div class=\"elementor-element elementor-element-c61a63e elementor-widget elementor-widget-text-editor\" data-id=\"c61a63e\" data-element_type=\"widget\" data-widget_type=\"text-editor.default\">\n\t\t\t\t<div class=\"elementor-widget-container\">\n\t\t\t\t\t\t\t\t\t<table><tbody>\n<tr>\n<td width=\"50%\">Opera\u00e7\u00f5es, Cadeia de Suprimento e Log\u00edstica Sustent\u00e1veis<\/td>\n<td width=\"50%\">Prof. Dr. Breno Nunes &#8211; Aston University\/UK <br> Prof. Dr. Vilmar Tondolo &#8211; UFPel<\/td>\n<\/tr>\n<tr>\n<td>Responsabilidade Social Corporativa<\/td>\n<td>Prof. Dr. Cl\u00e1udio Senna Venzke &#8211; UDESC<\/td>\n<\/tr>\n<tr>\n<td>Educa\u00e7\u00e3o e Sustentabilidade<\/td>\n<td>Prof. Dr. Luis Felipe Nascimento &#8211; UFRGS<\/td>\n<\/tr>\n<tr >\n<td>Cidades Sustent\u00e1veis e Inteligentes<\/td>\n<td>Profa. Dr\u00aa. Cl\u00e1udia Terezinha Kniess &#8211; USJT e UNIFESP<\/td>\n<\/tr>\n<tr>\n<td width=\"320\">Temas Emergentes em Sustentabilidade<\/td>\n<td>Profa. Dr\u00aa. L\u00edlian Caporl\u00edngua Giesta Cabral &#8211; UFERSA<\/td>\n<\/tr>\n<\/tbody>\n<\/table>\n\t\t\t\t\t\t\t\t<\/div>\n\t\t\t\t<\/div>\n\t\t\t\t\t<\/div>\n\t\t<\/div>\n\t\t\t\t\t<\/div>\n\t\t<\/section>\n\t\t\t\t<section class=\"elementor-section elementor-top-section elementor-element elementor-element-a6571ae elementor-section-boxed elementor-section-height-default elementor-section-height-default\" data-id=\"a6571ae\" data-element_type=\"section\">\n\t\t\t\t\t\t<div class=\"elementor-container elementor-column-gap-default\">\n\t\t\t\t\t<div class=\"elementor-column elementor-col-100 elementor-top-column elementor-element elementor-element-25d9f21\" data-id=\"25d9f21\" data-element_type=\"column\">\n\t\t\t<div class=\"elementor-widget-wrap elementor-element-populated\">\n\t\t\t\t\t\t<div class=\"elementor-element elementor-element-4c71181 elementor-widget elementor-widget-text-editor\" data-id=\"4c71181\" data-element_type=\"widget\" data-widget_type=\"text-editor.default\">\n\t\t\t\t<div class=\"elementor-widget-container\">\n\t\t\t\t\t\t\t\t\t<h5>Inova\u00e7\u00e3o<\/h5><p>Prof\u00aa. Dr\u00aa. Jordana Marques Kneipp &#8211; PPGA\/UFSM<br \/>Prof\u00aa Dr\u00aa. Let\u00edcia Lengler \/UFSM<\/p>\t\t\t\t\t\t\t\t<\/div>\n\t\t\t\t<\/div>\n\t\t\t\t<div class=\"elementor-element elementor-element-3e7cd0b elementor-widget elementor-widget-heading\" data-id=\"3e7cd0b\" data-element_type=\"widget\" data-widget_type=\"heading.default\">\n\t\t\t\t<div class=\"elementor-widget-container\">\n\t\t\t\t\t<h6 class=\"elementor-heading-title elementor-size-default\">Tracks<\/h6>\t\t\t\t<\/div>\n\t\t\t\t<\/div>\n\t\t\t\t<div class=\"elementor-element elementor-element-dc66996 elementor-widget elementor-widget-text-editor\" data-id=\"dc66996\" data-element_type=\"widget\" data-widget_type=\"text-editor.default\">\n\t\t\t\t<div class=\"elementor-widget-container\">\n\t\t\t\t\t\t\t\t\t<table><tbody><tr><td width=\"50%\">Inova\u00e7\u00e3o em Finan\u00e7as<\/td><td width=\"50%\">Prof. Dr. Amir Rezaee &#8211; ISG International Business School<\/td><\/tr><tr><td>Empreendedorismo Inovador<\/td><td><p>Prof. Dr. Luis Felipe Dias Lopes &#8211; PPGA\/UFSM<\/p><p>Prof. Dr. Alisson Eduardo Maehler &#8211; PPGDTSA\/UFPel<\/p><\/td><\/tr><tr><td>Gest\u00e3o da Inova\u00e7\u00e3o, da Tecnologia e da Propriedade Intelectual<\/td><td>Prof. Dr. Julio Siluk &#8211; PPGEP\/UFSM<\/td><\/tr><tr><td>Modelos de Neg\u00f3cios Inovadores<\/td><td>Prof\u00aa. Dr\u00aa. Luisa Cagica Carvalho &#8211; Instituto Polit\u00e9cnico de Set\u00fabal<\/td><\/tr><tr><td>Tecnologias de Transforma\u00e7\u00e3o Digital e Sustentabilidade<\/td><td>Prof. Dr. Guilherme Wiedenh\u00f6ft &#8211; Universidade Federal do Rio Grande<br \/>Prof. Dr. Guilherme Lunardi &#8211; Universidade Federal do Rio Grande<\/td><\/tr><tr><td>Temas Emergentes em Inova\u00e7\u00e3o<\/td><td>Prof\u00aa. Dr\u00aa. Maria Isabel Sanchez Hernandez &#8211; Universidade de Extremadura<\/td><\/tr><\/tbody><\/table>\t\t\t\t\t\t\t\t<\/div>\n\t\t\t\t<\/div>\n\t\t\t\t\t<\/div>\n\t\t<\/div>\n\t\t\t\t\t<\/div>\n\t\t<\/section>\n\t\t\t\t<section class=\"elementor-section elementor-top-section elementor-element elementor-element-73502d8 elementor-section-boxed elementor-section-height-default elementor-section-height-default\" data-id=\"73502d8\" data-element_type=\"section\">\n\t\t\t\t\t\t<div class=\"elementor-container elementor-column-gap-default\">\n\t\t\t\t\t<div class=\"elementor-column elementor-col-100 elementor-top-column elementor-element elementor-element-d97f28d\" data-id=\"d97f28d\" data-element_type=\"column\">\n\t\t\t<div class=\"elementor-widget-wrap elementor-element-populated\">\n\t\t\t\t\t\t<div class=\"elementor-element elementor-element-b02df7c elementor-widget elementor-widget-text-editor\" data-id=\"b02df7c\" data-element_type=\"widget\" data-widget_type=\"text-editor.default\">\n\t\t\t\t<div class=\"elementor-widget-container\">\n\t\t\t\t\t\t\t\t\t<h5>Estrat\u00e9gia<\/h5><p>Prof\u00aa. Dr\u00aa. L\u00facia Madruga <br \/>Prof. Dr. Thiago Ant\u00f4nio Beuron Corr\u00eaa de Barros &#8211; PPGA\/Universidade Federal do Pampa (UNIPAMPA)<\/p>\t\t\t\t\t\t\t\t<\/div>\n\t\t\t\t<\/div>\n\t\t\t\t<div class=\"elementor-element elementor-element-4d26ab5 elementor-widget elementor-widget-heading\" data-id=\"4d26ab5\" data-element_type=\"widget\" data-widget_type=\"heading.default\">\n\t\t\t\t<div class=\"elementor-widget-container\">\n\t\t\t\t\t<h6 class=\"elementor-heading-title elementor-size-default\">Tracks<\/h6>\t\t\t\t<\/div>\n\t\t\t\t<\/div>\n\t\t\t\t<div class=\"elementor-element elementor-element-a33b82e elementor-widget elementor-widget-text-editor\" data-id=\"a33b82e\" data-element_type=\"widget\" data-widget_type=\"text-editor.default\">\n\t\t\t\t<div class=\"elementor-widget-container\">\n\t\t\t\t\t\t\t\t\t<table><tbody><tr><td width=\"50%\">Gest\u00e3o Estrat\u00e9gica de Pessoas<\/td><td width=\"50%\"><p>Prof\u00aa. Dr\u00aa. Andressa Schaurich dos Santos &#8211; Instituto Federal do Rio Grande do Sul (IFRS)<\/p><p>Prof. Me. Fernando Vieira Cezar &#8211; Universidade Federal de Santa Maria<\/p><p>Prof\u00aa. Dr\u00aa. Val\u00e9ria Garlet &#8211; Universidade Federal de Santa Maria<\/p><\/td><\/tr><tr><td>Gest\u00e3o Estrat\u00e9gica de Marketing<\/td><td><p>Prof. Dr. Ricardo Ribeiro Alves &#8211; PPGA\/Universidade Federal do Pampa (UNIPAMPA)<br \/>Prof\u00aa. Dr\u00aa. Andressa Hennig Silva &#8211; PPGA\/Universidade Federal do Pampa (UNIPAMPA)<br \/>Prof\u00ba. Dr. Gustavo da Rosa Borges &#8211; PPGA\/Universidade Federal do Pampa (UNIPAMPA)<\/p><\/td><\/tr><tr><td>Gest\u00e3o Estrat\u00e9gica no Setor e Servi\u00e7os P\u00fablicos<\/td><td><p>Prof\u00aa Dra. Isabel Cristina Barros Rasia &#8211; Universidade Federal de Pelotas (UFPEL)<br \/>Prof. Dr. Paulo Cassanego Junior &#8211; PPGA\/Universidade Federal do Pampa (UNIPAMPA)<br \/>Prof. Dr. Sebasti\u00e3o Airton da Rosa Cerqueira-Ad\u00e3o &#8211; PPGA\/Universidade Federal do Pampa (UNIPAMPA)<\/p><\/td><\/tr><tr><td>Gest\u00e3o Estrat\u00e9gica Educacional<\/td><td><p>Prof\u00aa. Dr\u00aa. Isabel Teresinha Dutra Soares &#8211; Universidade Federal de Pelotas (UFPEL)<br \/>Prof. Dr. Pablo Gomes &#8211; Instituto Federal do Maranh\u00e3o (IFMA)<\/p><\/td><\/tr><tr><td>Temas Emergentes em Estrat\u00e9gia<\/td><td><p>Ma. Rosany da Silva Batista &#8211; Instituto Federal do Piau\u00ed (IFPI)<br \/>Doutoranda Geise Loreto Laus Viega &#8211; Universidade Federal de Santa Maria (UFSM)<br \/>Doutorando Bruno Mello Corr\u00eaa de Barros Beuron &#8211; Universidade Federal de Santa Catarina (UFSC)<\/p><\/td><\/tr><\/tbody><\/table>\t\t\t\t\t\t\t\t<\/div>\n\t\t\t\t<\/div>\n\t\t\t\t\t<\/div>\n\t\t<\/div>\n\t\t\t\t\t<\/div>\n\t\t<\/section>\n\t\t\t\t<section class=\"elementor-section elementor-top-section elementor-element elementor-element-a48702c elementor-section-boxed elementor-section-height-default elementor-section-height-default\" data-id=\"a48702c\" data-element_type=\"section\">\n\t\t\t\t\t\t<div class=\"elementor-container elementor-column-gap-default\">\n\t\t\t\t\t<div class=\"elementor-column elementor-col-100 elementor-top-column elementor-element elementor-element-1b39f76\" data-id=\"1b39f76\" data-element_type=\"column\">\n\t\t\t<div class=\"elementor-widget-wrap elementor-element-populated\">\n\t\t\t\t\t\t<div class=\"elementor-element elementor-element-5c87dec elementor-widget elementor-widget-text-editor\" data-id=\"5c87dec\" data-element_type=\"widget\" data-widget_type=\"text-editor.default\">\n\t\t\t\t<div class=\"elementor-widget-container\">\n\t\t\t\t\t\t\t\t\t<h5>Internacionaliza\u00e7\u00e3o<\/h5><p>Prof\u00aa Dr\u00aa. Fl\u00e1via Luciane Scherer &#8211; PPGA\/UFSM<\/p>\t\t\t\t\t\t\t\t<\/div>\n\t\t\t\t<\/div>\n\t\t\t\t<div class=\"elementor-element elementor-element-fa026fa elementor-widget elementor-widget-heading\" data-id=\"fa026fa\" data-element_type=\"widget\" data-widget_type=\"heading.default\">\n\t\t\t\t<div class=\"elementor-widget-container\">\n\t\t\t\t\t<h6 class=\"elementor-heading-title elementor-size-default\">Tracks<\/h6>\t\t\t\t<\/div>\n\t\t\t\t<\/div>\n\t\t\t\t<div class=\"elementor-element elementor-element-49a3481 elementor-widget elementor-widget-text-editor\" data-id=\"49a3481\" data-element_type=\"widget\" data-widget_type=\"text-editor.default\">\n\t\t\t\t<div class=\"elementor-widget-container\">\n\t\t\t\t\t\t\t\t\t&nbsp;\n<table>\n<tbody>\n<tr>\n<td width=\"50%\">Marketing Internacional<\/td>\n<td width=\"50%\">Prof\u00aa. Dr\u00aa. Marta Olivia Rovedder de Oliveira &#8211; UFSM<\/td>\n<\/tr>\n<tr>\n<td>Gest\u00e3o, Organiza\u00e7\u00f5es e Institui\u00e7\u00f5es na Internacionaliza\u00e7\u00e3o de neg\u00f3cios<\/td>\n<td>Prof\u00aa Dr\u00aa. Sirlei Glasenapp &#8211; PPGA\/UFSM<\/td>\n<\/tr>\n<tr>\n<td>Produ\u00e7\u00e3o, Opera\u00e7\u00f5es e Log\u00edstica Internacional<\/td>\n<td>Prof. Dr. Leandro Dorneles dos Santos &#8211; UFSC<\/td>\n<\/tr>\n<tr>\n<td>T\u00f3picos Emergentes em Internacionaliza\u00e7\u00e3o<\/td>\n<td>Prof\u00aa. Dr\u00aa. Ivanete Schneider Hahn &#8211; UNIARP<\/td>\n<\/tr>\n\n<\/tbody>\n<\/table>\t\t\t\t\t\t\t\t<\/div>\n\t\t\t\t<\/div>\n\t\t\t\t\t<\/div>\n\t\t<\/div>\n\t\t\t\t\t<\/div>\n\t\t<\/section>\n\t\t\t\t<section class=\"elementor-section elementor-top-section elementor-element elementor-element-ca7e1aa elementor-section-boxed elementor-section-height-default elementor-section-height-default\" data-id=\"ca7e1aa\" data-element_type=\"section\">\n\t\t\t\t\t\t<div class=\"elementor-container elementor-column-gap-default\">\n\t\t\t\t\t<div class=\"elementor-column elementor-col-100 elementor-top-column elementor-element elementor-element-f1ae7eb\" data-id=\"f1ae7eb\" data-element_type=\"column\">\n\t\t\t<div class=\"elementor-widget-wrap elementor-element-populated\">\n\t\t\t\t\t\t<div class=\"elementor-element elementor-element-f6c90d4 elementor-widget elementor-widget-text-editor\" data-id=\"f6c90d4\" data-element_type=\"widget\" data-widget_type=\"text-editor.default\">\n\t\t\t\t<div class=\"elementor-widget-container\">\n\t\t\t\t\t\t\t\t\t<h5>Contabilidade e Finan\u00e7as<\/h5><p>Prof. Dr. Vin\u00edcius Costa da Silva Zonatto &#8211; PPGCC\/UFSM<br \/>Prof. Dr. Igor Bernardi Sonza &#8211; PPGA\/UFSM<\/p>\t\t\t\t\t\t\t\t<\/div>\n\t\t\t\t<\/div>\n\t\t\t\t<div class=\"elementor-element elementor-element-bc549c4 elementor-widget elementor-widget-heading\" data-id=\"bc549c4\" data-element_type=\"widget\" data-widget_type=\"heading.default\">\n\t\t\t\t<div class=\"elementor-widget-container\">\n\t\t\t\t\t<h6 class=\"elementor-heading-title elementor-size-default\">Tracks<\/h6>\t\t\t\t<\/div>\n\t\t\t\t<\/div>\n\t\t\t\t<div class=\"elementor-element elementor-element-1db789e elementor-widget elementor-widget-text-editor\" data-id=\"1db789e\" data-element_type=\"widget\" data-widget_type=\"text-editor.default\">\n\t\t\t\t<div class=\"elementor-widget-container\">\n\t\t\t\t\t\t\t\t\t<table><tbody><tr><td width=\"50%\">Contabilidade Financeira e Governan\u00e7a Corporativa<\/td><td width=\"50%\">Prof\u00aa. Dr\u00aa. Diane Rossi Maximiano Reina &#8211; PPGCON\/UFES<br \/>Prof. Dr. Luiz Henrique Figueira Marquezan &#8211; PPGCC\/UFSM<\/td><\/tr><tr><td>Contabilidade Ambiental e Relat\u00f3rios Sociais<\/td><td>Prof\u00aa. Dr\u00aa. Simone Leticia Raimundini Sanches &#8211; PCO\/UEM<br \/>Prof\u00aa. Dr\u00aa. Larissa Degenhart &#8211; PPGCC\/UFSM<\/td><\/tr><tr><td>Contabilidade Governamental e Terceiro Setor<\/td><td>Prof. Dr. Alexandre Costa Quintana &#8211; PPGCONT\/FURG<br \/>Prof. Dr. Cristiano Sausen Soares &#8211; PPGCC\/UFSM<\/td><\/tr><tr><td>Controladoria e Controle Gerencial<\/td><td>Prof\u00aa. Dr\u00aa. Micheli Aparecida Lunardi &#8211; PPGCC\/FURB<br \/>Prof. Dr. Vin\u00edcius Costa da Silva Zonatto &#8211; PPGCC\/UFSM<\/td><\/tr><tr><td>Temas Emergentes em Contabilidade<\/td><td>Prof\u00aa. Dr\u00aa. M\u00e1rcia Bianchi &#8211; PPGCONT\/UFRGS<br \/>Prof\u00aa. Dr\u00aa. Cristiane Kr\u00fcger &#8211; PPGCC\/UFSM<\/td><\/tr><\/tbody><\/table>\t\t\t\t\t\t\t\t<\/div>\n\t\t\t\t<\/div>\n\t\t\t\t\t<\/div>\n\t\t<\/div>\n\t\t\t\t\t<\/div>\n\t\t<\/section>\n\t\t\t\t<section class=\"elementor-section elementor-top-section elementor-element elementor-element-8d1610b elementor-section-boxed elementor-section-height-default elementor-section-height-default\" data-id=\"8d1610b\" data-element_type=\"section\">\n\t\t\t\t\t\t<div class=\"elementor-container elementor-column-gap-default\">\n\t\t\t\t\t<div class=\"elementor-column elementor-col-100 elementor-top-column elementor-element elementor-element-1da8e23\" data-id=\"1da8e23\" data-element_type=\"column\">\n\t\t\t<div class=\"elementor-widget-wrap elementor-element-populated\">\n\t\t\t\t\t\t<div class=\"elementor-element elementor-element-f42745f elementor-widget elementor-widget-text-editor\" data-id=\"f42745f\" data-element_type=\"widget\" data-widget_type=\"text-editor.default\">\n\t\t\t\t<div class=\"elementor-widget-container\">\n\t\t\t\t\t\t\t\t\t<h5>Agroneg\u00f3cios<\/h5><p>Prof. Dr. Jo\u00e3o Fernando Zamberlan \u2013 URI Santo \u00c2ngelo<br \/>Prof. Dr. Tiago Zadin Patias &#8211; PPGAGR\/UFSM<\/p>\t\t\t\t\t\t\t\t<\/div>\n\t\t\t\t<\/div>\n\t\t\t\t<div class=\"elementor-element elementor-element-b6169b2 elementor-widget elementor-widget-heading\" data-id=\"b6169b2\" data-element_type=\"widget\" data-widget_type=\"heading.default\">\n\t\t\t\t<div class=\"elementor-widget-container\">\n\t\t\t\t\t<h6 class=\"elementor-heading-title elementor-size-default\">Tracks<\/h6>\t\t\t\t<\/div>\n\t\t\t\t<\/div>\n\t\t\t\t<div class=\"elementor-element elementor-element-c2ddbc2 elementor-widget elementor-widget-text-editor\" data-id=\"c2ddbc2\" data-element_type=\"widget\" data-widget_type=\"text-editor.default\">\n\t\t\t\t<div class=\"elementor-widget-container\">\n\t\t\t\t\t\t\t\t\t<table><tbody><tr><td width=\"50%\">Inova\u00e7\u00e3o nos Agroneg\u00f3cios<\/td><td width=\"50%\">Prof. Dr. Vitor Cauduro Girardello &#8211; URI Santo \u00c2ngelo<\/td><\/tr><tr><td>Gest\u00e3o nos Agroneg\u00f3cios<\/td><td>Prof. Ms. Marco Ivan Rodrigues Sampaio &#8211; UNICRUZ<\/td><\/tr><tr><td>Sustentabilidade nos Agroneg\u00f3cios<\/td><td>Prof. Dr. David Ferreira Lopes Santos &#8211; UNESP<\/td><\/tr><tr><td>Temas Emergentes em Agroneg\u00f3cios<\/td><td>Prof. Dr. Jo\u00e3o Garibaldi Almeida Viana &#8211; PPGA\/UNIPAMPA<\/td><\/tr><\/tbody><\/table>\t\t\t\t\t\t\t\t<\/div>\n\t\t\t\t<\/div>\n\t\t\t\t\t<\/div>\n\t\t<\/div>\n\t\t\t\t\t<\/div>\n\t\t<\/section>\n\t\t\t\t<section class=\"elementor-section elementor-top-section elementor-element elementor-element-7c6a04c elementor-section-boxed elementor-section-height-default elementor-section-height-default\" data-id=\"7c6a04c\" data-element_type=\"section\">\n\t\t\t\t\t\t<div class=\"elementor-container elementor-column-gap-default\">\n\t\t\t\t\t<div class=\"elementor-column elementor-col-100 elementor-top-column elementor-element elementor-element-58a7fa0\" data-id=\"58a7fa0\" data-element_type=\"column\">\n\t\t\t<div class=\"elementor-widget-wrap elementor-element-populated\">\n\t\t\t\t\t\t<div class=\"elementor-element elementor-element-42d3fcc elementor-widget elementor-widget-text-editor\" data-id=\"42d3fcc\" data-element_type=\"widget\" data-widget_type=\"text-editor.default\">\n\t\t\t\t<div class=\"elementor-widget-container\">\n\t\t\t\t\t\t\t\t\t<h5>Turismo<\/h5><p>Profa. Dra. Luciana Aparecida Barbieri da Rosa (Instituto Federal de Rond\u00f4nia \u2013 IFRO)<br \/>Prof\u00aa. Dr\u00aa. Maria Carolina Martins Rodrigues &#8211; Universidade do Algarve<\/p>\t\t\t\t\t\t\t\t<\/div>\n\t\t\t\t<\/div>\n\t\t\t\t<div class=\"elementor-element elementor-element-60dd92f elementor-widget elementor-widget-heading\" data-id=\"60dd92f\" data-element_type=\"widget\" data-widget_type=\"heading.default\">\n\t\t\t\t<div class=\"elementor-widget-container\">\n\t\t\t\t\t<h6 class=\"elementor-heading-title elementor-size-default\">Tracks<\/h6>\t\t\t\t<\/div>\n\t\t\t\t<\/div>\n\t\t\t\t<div class=\"elementor-element elementor-element-e34ccd8 elementor-widget elementor-widget-text-editor\" data-id=\"e34ccd8\" data-element_type=\"widget\" data-widget_type=\"text-editor.default\">\n\t\t\t\t<div class=\"elementor-widget-container\">\n\t\t\t\t\t\t\t\t\t<table>\n<tbody>\n<tr>\n<td width=\"50%\">\n<p>Turismo e Sustentabilidade<\/p>\n<\/td>\n<td width=\"50%\">\n<p>Mg. Claudia Toselli \u2013 Universidade Nacional de Quilmes (Argentina)<\/p>\n<p>Profa. Dr\u00aa. Clarice Bastarz &#8211; UFPR<\/p>\n<\/td>\n<\/tr>\n<tr>\n<td>Turismo, Gest\u00e3o, Patrim\u00f4nio e Hospitalidade<\/td>\n<td>Prof. Dr. Marcelo Ribeiro \u2013 UFSM<\/td>\n<\/tr>\n<tr>\n<td>Temas emergentes em turismo<\/td>\n<td>\n<p>Prof. Dr. Marcos Filippim &#8211; UFPR<\/p>\n<p>Prof\u00aa. Dr\u00aa. Adriana Brambilla &#8211; UFPB<\/p>\n<\/td>\n<\/tr>\n<\/tbody>\n<\/table>\t\t\t\t\t\t\t\t<\/div>\n\t\t\t\t<\/div>\n\t\t\t\t\t<\/div>\n\t\t<\/div>\n\t\t\t\t\t<\/div>\n\t\t<\/section>\n\t\t\t\t<section class=\"elementor-section elementor-top-section elementor-element elementor-element-df4b968 elementor-section-boxed elementor-section-height-default elementor-section-height-default\" data-id=\"df4b968\" data-element_type=\"section\">\n\t\t\t\t\t\t<div class=\"elementor-container elementor-column-gap-default\">\n\t\t\t\t\t<div class=\"elementor-column elementor-col-100 elementor-top-column elementor-element elementor-element-d305fb6\" data-id=\"d305fb6\" data-element_type=\"column\">\n\t\t\t<div class=\"elementor-widget-wrap elementor-element-populated\">\n\t\t\t\t\t\t<div class=\"elementor-element elementor-element-bb7d11d elementor-widget elementor-widget-text-editor\" data-id=\"bb7d11d\" data-element_type=\"widget\" data-widget_type=\"text-editor.default\">\n\t\t\t\t<div class=\"elementor-widget-container\">\n\t\t\t\t\t\t\t\t\t<h5>Cons\u00f3rcio Mestral e Doutoral<\/h5><p>Prof\u00aa. Dr\u00aa. Sirlei Glasenapp \u2013 DCA\/UFSM <br \/>Prof\u00aa. Dr\u00aa. Luisa Cagica Carvalho \u2013 Instituto Polit\u00e9cnico de Set\u00fabal<\/p>\t\t\t\t\t\t\t\t<\/div>\n\t\t\t\t<\/div>\n\t\t\t\t\t<\/div>\n\t\t<\/div>\n\t\t\t\t\t<\/div>\n\t\t<\/section>\n\t\t\t\t<\/div>\n\t\t","protected":false},"excerpt":{"rendered":"<p>EIXOS TEM\u00c1TICOS E TRACKS DO F\u00d3RUM INTERNACIONAL ECOINOVAR Sustentabilidade Prof. Dr. Roberto Schoproni Bichueti \u2013 PPGA\/UFSM Prof. Dr. Lucas Veiga \u00c1vila &#8211; UFSM Tracks Opera\u00e7\u00f5es, Cadeia de Suprimento e Log\u00edstica Sustent\u00e1veis Prof. Dr. Breno Nunes &#8211; Aston University\/UK Prof. Dr. Vilmar Tondolo &#8211; UFPel Responsabilidade Social Corporativa Prof. Dr. Cl\u00e1udio Senna Venzke &#8211; UDESC Educa\u00e7\u00e3o&hellip;<\/p>\n","protected":false},"author":1,"featured_media":0,"parent":0,"menu_order":0,"comment_status":"closed","ping_status":"closed","template":"","meta":{"footnotes":"","_links_to":"","_links_to_target":""},"class_list":["post-125","page","type-page","status-publish","hentry"],"yoast_head":"<!-- This site is optimized with the Yoast SEO plugin v25.9 - https:\/\/yoast.com\/wordpress\/plugins\/seo\/ -->\n<title>\u00c1reas Tem\u00e1ticas - 13\u00ba Ecoinovar<\/title>\n<meta name=\"robots\" content=\"index, follow, max-snippet:-1, max-image-preview:large, max-video-preview:-1\" \/>\n<link rel=\"canonical\" href=\"https:\/\/ecoinovar.com\/13\/areas-tematicas\/\" \/>\n<meta property=\"og:locale\" content=\"pt_BR\" \/>\n<meta property=\"og:type\" content=\"article\" \/>\n<meta property=\"og:title\" content=\"\u00c1reas Tem\u00e1ticas - 13\u00ba Ecoinovar\" \/>\n<meta property=\"og:description\" content=\"EIXOS TEM\u00c1TICOS E TRACKS DO F\u00d3RUM INTERNACIONAL ECOINOVAR Sustentabilidade Prof. Dr. Roberto Schoproni Bichueti \u2013 PPGA\/UFSM Prof. Dr. Lucas Veiga \u00c1vila &#8211; UFSM Tracks Opera\u00e7\u00f5es, Cadeia de Suprimento e Log\u00edstica Sustent\u00e1veis Prof. Dr. Breno Nunes &#8211; Aston University\/UK Prof. Dr. Vilmar Tondolo &#8211; UFPel Responsabilidade Social Corporativa Prof. Dr. Cl\u00e1udio Senna Venzke &#8211; UDESC Educa\u00e7\u00e3o&hellip;\" \/>\n<meta property=\"og:url\" content=\"https:\/\/ecoinovar.com\/13\/areas-tematicas\/\" \/>\n<meta property=\"og:site_name\" content=\"13\u00ba Ecoinovar\" \/>\n<meta property=\"article:publisher\" content=\"https:\/\/www.facebook.com\/ecoinovar\/\" \/>\n<meta property=\"article:modified_time\" content=\"2024-09-11T15:25:34+00:00\" \/>\n<meta name=\"twitter:card\" content=\"summary_large_image\" \/>\n<meta name=\"twitter:site\" content=\"@forumecoinovar\" \/>\n<meta name=\"twitter:label1\" content=\"Est. tempo de leitura\" \/>\n\t<meta name=\"twitter:data1\" content=\"4 minutos\" \/>\n<script type=\"application\/ld+json\" class=\"yoast-schema-graph\">{\"@context\":\"https:\/\/schema.org\",\"@graph\":[{\"@type\":\"WebPage\",\"@id\":\"https:\/\/ecoinovar.com\/13\/areas-tematicas\/\",\"url\":\"https:\/\/ecoinovar.com\/13\/areas-tematicas\/\",\"name\":\"\u00c1reas Tem\u00e1ticas - 13\u00ba Ecoinovar\",\"isPartOf\":{\"@id\":\"https:\/\/ecoinovar.com\/13\/#website\"},\"datePublished\":\"2023-07-03T20:07:17+00:00\",\"dateModified\":\"2024-09-11T15:25:34+00:00\",\"breadcrumb\":{\"@id\":\"https:\/\/ecoinovar.com\/13\/areas-tematicas\/#breadcrumb\"},\"inLanguage\":\"pt-BR\",\"potentialAction\":[{\"@type\":\"ReadAction\",\"target\":[\"https:\/\/ecoinovar.com\/13\/areas-tematicas\/\"]}]},{\"@type\":\"BreadcrumbList\",\"@id\":\"https:\/\/ecoinovar.com\/13\/areas-tematicas\/#breadcrumb\",\"itemListElement\":[{\"@type\":\"ListItem\",\"position\":1,\"name\":\"Home\",\"item\":\"https:\/\/ecoinovar.com\/13\/\"},{\"@type\":\"ListItem\",\"position\":2,\"name\":\"\u00c1reas Tem\u00e1ticas\"}]},{\"@type\":\"WebSite\",\"@id\":\"https:\/\/ecoinovar.com\/13\/#website\",\"url\":\"https:\/\/ecoinovar.com\/13\/\",\"name\":\"13\u00ba Ecoinovar\",\"description\":\"F\u00f3rum Internacional\",\"publisher\":{\"@id\":\"https:\/\/ecoinovar.com\/13\/#organization\"},\"potentialAction\":[{\"@type\":\"SearchAction\",\"target\":{\"@type\":\"EntryPoint\",\"urlTemplate\":\"https:\/\/ecoinovar.com\/13\/?s={search_term_string}\"},\"query-input\":{\"@type\":\"PropertyValueSpecification\",\"valueRequired\":true,\"valueName\":\"search_term_string\"}}],\"inLanguage\":\"pt-BR\"},{\"@type\":\"Organization\",\"@id\":\"https:\/\/ecoinovar.com\/13\/#organization\",\"name\":\"13\u00ba Ecoinovar\",\"url\":\"https:\/\/ecoinovar.com\/13\/\",\"logo\":{\"@type\":\"ImageObject\",\"inLanguage\":\"pt-BR\",\"@id\":\"https:\/\/ecoinovar.com\/13\/#\/schema\/logo\/image\/\",\"url\":\"https:\/\/ecoinovar.com\/13\/wp-content\/uploads\/sites\/18\/2023\/07\/ecoinovar.png\",\"contentUrl\":\"https:\/\/ecoinovar.com\/13\/wp-content\/uploads\/sites\/18\/2023\/07\/ecoinovar.png\",\"width\":162,\"height\":110,\"caption\":\"13\u00ba Ecoinovar\"},\"image\":{\"@id\":\"https:\/\/ecoinovar.com\/13\/#\/schema\/logo\/image\/\"},\"sameAs\":[\"https:\/\/www.facebook.com\/ecoinovar\/\",\"https:\/\/x.com\/forumecoinovar\",\"https:\/\/www.instagram.com\/ecoinovar\/\",\"https:\/\/www.youtube.com\/channel\/UC0HBZQUZoIWqVnqECbEf7Sw\"]}]}<\/script>\n<!-- \/ Yoast SEO plugin. -->","yoast_head_json":{"title":"\u00c1reas Tem\u00e1ticas - 13\u00ba Ecoinovar","robots":{"index":"index","follow":"follow","max-snippet":"max-snippet:-1","max-image-preview":"max-image-preview:large","max-video-preview":"max-video-preview:-1"},"canonical":"https:\/\/ecoinovar.com\/13\/areas-tematicas\/","og_locale":"pt_BR","og_type":"article","og_title":"\u00c1reas Tem\u00e1ticas - 13\u00ba Ecoinovar","og_description":"EIXOS TEM\u00c1TICOS E TRACKS DO F\u00d3RUM INTERNACIONAL ECOINOVAR Sustentabilidade Prof. Dr. Roberto Schoproni Bichueti \u2013 PPGA\/UFSM Prof. Dr. Lucas Veiga \u00c1vila &#8211; UFSM Tracks Opera\u00e7\u00f5es, Cadeia de Suprimento e Log\u00edstica Sustent\u00e1veis Prof. Dr. Breno Nunes &#8211; Aston University\/UK Prof. Dr. Vilmar Tondolo &#8211; UFPel Responsabilidade Social Corporativa Prof. Dr. Cl\u00e1udio Senna Venzke &#8211; UDESC Educa\u00e7\u00e3o&hellip;","og_url":"https:\/\/ecoinovar.com\/13\/areas-tematicas\/","og_site_name":"13\u00ba Ecoinovar","article_publisher":"https:\/\/www.facebook.com\/ecoinovar\/","article_modified_time":"2024-09-11T15:25:34+00:00","twitter_card":"summary_large_image","twitter_site":"@forumecoinovar","twitter_misc":{"Est. tempo de leitura":"4 minutos"},"schema":{"@context":"https:\/\/schema.org","@graph":[{"@type":"WebPage","@id":"https:\/\/ecoinovar.com\/13\/areas-tematicas\/","url":"https:\/\/ecoinovar.com\/13\/areas-tematicas\/","name":"\u00c1reas Tem\u00e1ticas - 13\u00ba Ecoinovar","isPartOf":{"@id":"https:\/\/ecoinovar.com\/13\/#website"},"datePublished":"2023-07-03T20:07:17+00:00","dateModified":"2024-09-11T15:25:34+00:00","breadcrumb":{"@id":"https:\/\/ecoinovar.com\/13\/areas-tematicas\/#breadcrumb"},"inLanguage":"pt-BR","potentialAction":[{"@type":"ReadAction","target":["https:\/\/ecoinovar.com\/13\/areas-tematicas\/"]}]},{"@type":"BreadcrumbList","@id":"https:\/\/ecoinovar.com\/13\/areas-tematicas\/#breadcrumb","itemListElement":[{"@type":"ListItem","position":1,"name":"Home","item":"https:\/\/ecoinovar.com\/13\/"},{"@type":"ListItem","position":2,"name":"\u00c1reas Tem\u00e1ticas"}]},{"@type":"WebSite","@id":"https:\/\/ecoinovar.com\/13\/#website","url":"https:\/\/ecoinovar.com\/13\/","name":"13\u00ba Ecoinovar","description":"F\u00f3rum Internacional","publisher":{"@id":"https:\/\/ecoinovar.com\/13\/#organization"},"potentialAction":[{"@type":"SearchAction","target":{"@type":"EntryPoint","urlTemplate":"https:\/\/ecoinovar.com\/13\/?s={search_term_string}"},"query-input":{"@type":"PropertyValueSpecification","valueRequired":true,"valueName":"search_term_string"}}],"inLanguage":"pt-BR"},{"@type":"Organization","@id":"https:\/\/ecoinovar.com\/13\/#organization","name":"13\u00ba Ecoinovar","url":"https:\/\/ecoinovar.com\/13\/","logo":{"@type":"ImageObject","inLanguage":"pt-BR","@id":"https:\/\/ecoinovar.com\/13\/#\/schema\/logo\/image\/","url":"https:\/\/ecoinovar.com\/13\/wp-content\/uploads\/sites\/18\/2023\/07\/ecoinovar.png","contentUrl":"https:\/\/ecoinovar.com\/13\/wp-content\/uploads\/sites\/18\/2023\/07\/ecoinovar.png","width":162,"height":110,"caption":"13\u00ba Ecoinovar"},"image":{"@id":"https:\/\/ecoinovar.com\/13\/#\/schema\/logo\/image\/"},"sameAs":["https:\/\/www.facebook.com\/ecoinovar\/","https:\/\/x.com\/forumecoinovar","https:\/\/www.instagram.com\/ecoinovar\/","https:\/\/www.youtube.com\/channel\/UC0HBZQUZoIWqVnqECbEf7Sw"]}]}},"_links":{"self":[{"href":"https:\/\/ecoinovar.com\/13\/wp-json\/wp\/v2\/pages\/125","targetHints":{"allow":["GET"]}}],"collection":[{"href":"https:\/\/ecoinovar.com\/13\/wp-json\/wp\/v2\/pages"}],"about":[{"href":"https:\/\/ecoinovar.com\/13\/wp-json\/wp\/v2\/types\/page"}],"author":[{"embeddable":true,"href":"https:\/\/ecoinovar.com\/13\/wp-json\/wp\/v2\/users\/1"}],"replies":[{"embeddable":true,"href":"https:\/\/ecoinovar.com\/13\/wp-json\/wp\/v2\/comments?post=125"}],"version-history":[{"count":67,"href":"https:\/\/ecoinovar.com\/13\/wp-json\/wp\/v2\/pages\/125\/revisions"}],"predecessor-version":[{"id":1277,"href":"https:\/\/ecoinovar.com\/13\/wp-json\/wp\/v2\/pages\/125\/revisions\/1277"}],"wp:attachment":[{"href":"https:\/\/ecoinovar.com\/13\/wp-json\/wp\/v2\/media?parent=125"}],"curies":[{"name":"wp","href":"https:\/\/api.w.org\/{rel}","templated":true}]}}